{"id":1133,"date":"2020-03-25T14:28:23","date_gmt":"2020-03-25T13:28:23","guid":{"rendered":"https:\/\/www.brusselsfireacademy.be\/?page_id=1133"},"modified":"2025-05-09T11:24:18","modified_gmt":"2025-05-09T09:24:18","slug":"le-certificat-daptitude-federal","status":"publish","type":"page","link":"https:\/\/www.brusselsfireacademy.be\/le-certificat-daptitude-federal\/","title":{"rendered":"Le Certificat d&rsquo;Aptitude F\u00e9d\u00e9ral"},"content":{"rendered":"[vc_row full_width=\u00a0\u00bbstretch_row\u00a0\u00bb css=\u00a0\u00bb.vc_custom_1649166086808{background-color: #f2f2f2 !important;}\u00a0\u00bb local_scroll_id=\u00a0\u00bbcertificat-aptitude-federal\u00a0\u00bb][vc_column]<div class=\"vcex-spacing wpex-w-100 wpex-clear\"><\/div><h2 class=\"vcex-heading vcex-module wpex-text-2xl wpex-font-normal wpex-m-auto wpex-max-w-100 vcex-heading-plain wpex-block wpex-text-center vc_custom_1649166062491\" style=\"color:#000000;font-size:28px;\"><span class=\"vcex-heading-inner wpex-inline-block wpex-clr\">Le Certificat d'Aptitude F\u00e9d\u00e9ral<\/span><\/h2><div class=\"vcex-module vcex-divider vcex-divider-solid wpex-max-w-100 wpex-mx-auto vcex-divider-has-icon wpex-flex wpex-items-center\" style=\"width:150px;\"><div class=\"vcex-divider-border wpex-flex-grow wpex-border-b wpex-border-solid wpex-border-main\"><\/div><span class=\"vcex-divider-icon-span wpex-inline-flex wpex-justify-center wpex-items-center wpex-box-content wpex-inline-block wpex-text-center wpex-text-lg wpex-py-10\" style=\"font-size:16px;color:#ffffff;width:35px;\"><span class=\"ticon ticon-graduation-cap\" aria-hidden=\"true\"><\/span><\/span><div class=\"vcex-divider-border wpex-flex-grow wpex-border-b wpex-border-solid wpex-border-main\"><\/div><\/div>[vc_row_inner][vc_column_inner][vc_column_text color=\u00a0\u00bb#000000&Prime; text_align=\u00a0\u00bbleft\u00a0\u00bb font_size=\u00a0\u00bb13&Prime;]Pour poser sa candidature au poste de sapeur-pompier\u00b7\u00e8re\u00b7s, il faut au pr\u00e9alable obtenir un Certificat d&rsquo;Aptitude F\u00e9d\u00e9ral (CAF).<\/p>\n<p>D\u00e8s qu&rsquo;un\u00b7e candidat\u00b7e a obtenu son CAF, il\/elle peut introduire sa candidature dans la zone de secours de son choix.<\/p>\n<p>Les \u00e9preuves sont divis\u00e9es en trois modules.<\/p>\n<p>Le premier module se compose d\u2019un test de comp\u00e9tences (dispens\u00e9\u00b7e si vous \u00eates en possession du CESS), le deuxi\u00e8me module d\u2019un test d&rsquo;habilet\u00e9 manuelle op\u00e9rationnelle et le troisi\u00e8me d\u2019une s\u00e9rie d\u2019\u00e9preuves d&rsquo;aptitude physique.<\/p>\n<p>Le Certificat d&rsquo;aptitude f\u00e9d\u00e9ral est valable pour une dur\u00e9e ind\u00e9termin\u00e9e, \u00e0 l&rsquo;exception des \u00e9preuves d&rsquo;aptitude physique. Ces derni\u00e8res sont valables deux ans (\u00e0 partir de la date de cl\u00f4ture du proc\u00e8s-verbal des \u00e9preuves d&rsquo;aptitude auxquelles vous avez particip\u00e9).<\/p>\n<p>Pour de plus amples informations: <strong><a href=\"https:\/\/pompiers.brussels\/fr\" target=\"_blank\" rel=\"noopener noreferrer\">www.pompiers.brussels\/fr<\/a><\/strong><\/p>\n<p><em><strong>Prochaine session CAF :\u00a0<\/strong><\/em><\/p>\n<ul>\n<li>Test de comp\u00e9tences: aucune session pr\u00e9vue au CFPB en 2025<\/li>\n<li>Test d\u2019habilet\u00e9 manuelle op\u00e9rationnelle: aucune session pr\u00e9vue au CFPB en 2025<\/li>\n<li>Epreuves d\u2019aptitude physique: aucune session pr\u00e9vue au CFPB en 2025<\/li>\n<\/ul>\n<p>*La vid\u00e9o reprise ci-dessous est purement indicative et les instructions de l&rsquo;instructeur\u00b7trice \/ \u00e9valuateur\u00b7trice lors du test r\u00e9el pr\u00e9valent.[\/vc_column_text]<div class=\"vcex-spacing wpex-w-100 wpex-clear\"><\/div><div class=\"theme-button-wrap textcenter wpex-clr\"><a href=\"https:\/\/www.youtube.com\/watch?time_continue=2&#038;v=X7kK4j7VFe8&#038;feature=emb_logo\" title=\"Film CAF\" class=\"vcex-button theme-button outline blue small align-center inline\" target=\"_blank\" style=\"letter-spacing:1px;\" rel=\"noopener noreferrer\" data-wpex-hover='{&quot;color&quot;:&quot;#000000&quot;}'><span class=\"theme-button-inner\">Film CAF<\/span><\/a><\/div> <div class=\"vcex-spacing wpex-w-100 wpex-clear\"><\/div>[vc_single_image image=\u00a0\u00bb1564&Prime; alignment=\u00a0\u00bbcenter\u00a0\u00bb style=\u00a0\u00bbvc_box_shadow_3d\u00a0\u00bb][\/vc_column_inner][\/vc_row_inner][\/vc_column][\/vc_row]\n","protected":false},"excerpt":{"rendered":"<p>[vc_row full_width=\u00a0\u00bbstretch_row\u00a0\u00bb css=\u00a0\u00bb.vc_custom_1649166086808{background-color: #f2f2f2 !important;}\u00a0\u00bb local_scroll_id=\u00a0\u00bbcertificat-aptitude-federal\u00a0\u00bb][vc_column][vc_row_inner][vc_column_inner][vc_column_text color=\u00a0\u00bb#000000&Prime; text_align=\u00a0\u00bbleft\u00a0\u00bb font_size=\u00a0\u00bb13&Prime;]Pour poser sa candidature au poste de sapeur-pompier\u00b7\u00e8re\u00b7s, il faut au pr\u00e9alable obtenir un Certificat d&rsquo;Aptitude F\u00e9d\u00e9ral (CAF). D\u00e8s qu&rsquo;un\u00b7e candidat\u00b7e a obtenu son CAF, il\/elle peut introduire sa candidature dans la zone de secours de son choix. Les \u00e9preuves sont divis\u00e9es en trois modules. Le premier&hellip;<\/p>\n","protected":false},"author":1,"featured_media":0,"parent":0,"menu_order":0,"comment_status":"closed","ping_status":"closed","template":"","meta":[],"yoast_head":"<!-- This site is optimized with the Yoast SEO plugin v19.11 - https:\/\/yoast.com\/wordpress\/plugins\/seo\/ -->\n<title>Le Certificat d&#039;Aptitude F\u00e9d\u00e9ral - brusselsfireacademy<\/title>\n<meta name=\"robots\" content=\"index, follow, max-snippet:-1, max-image-preview:large, max-video-preview:-1\" \/>\n<link rel=\"canonical\" href=\"https:\/\/www.brusselsfireacademy.be\/le-certificat-daptitude-federal\/\" \/>\n<meta property=\"og:locale\" content=\"fr_FR\" \/>\n<meta property=\"og:type\" content=\"article\" \/>\n<meta property=\"og:title\" content=\"Le Certificat d&#039;Aptitude F\u00e9d\u00e9ral - brusselsfireacademy\" \/>\n<meta property=\"og:description\" content=\"[vc_row full_width=\u00a0\u00bbstretch_row\u00a0\u00bb css=\u00a0\u00bb.vc_custom_1649166086808{background-color: #f2f2f2 !important;}\u00a0\u00bb local_scroll_id=\u00a0\u00bbcertificat-aptitude-federal\u00a0\u00bb][vc_column][vc_row_inner][vc_column_inner][vc_column_text color=\u00a0\u00bb#000000&Prime; text_align=\u00a0\u00bbleft\u00a0\u00bb font_size=\u00a0\u00bb13&Prime;]Pour poser sa candidature au poste de sapeur-pompier\u00b7\u00e8re\u00b7s, il faut au pr\u00e9alable obtenir un Certificat d&rsquo;Aptitude F\u00e9d\u00e9ral (CAF). D\u00e8s qu&rsquo;un\u00b7e candidat\u00b7e a obtenu son CAF, il\/elle peut introduire sa candidature dans la zone de secours de son choix. Les \u00e9preuves sont divis\u00e9es en trois modules. Le premier&hellip;\" \/>\n<meta property=\"og:url\" content=\"https:\/\/www.brusselsfireacademy.be\/le-certificat-daptitude-federal\/\" \/>\n<meta property=\"og:site_name\" content=\"brusselsfireacademy\" \/>\n<meta property=\"article:modified_time\" content=\"2025-05-09T09:24:18+00:00\" \/>\n<meta name=\"twitter:card\" content=\"summary_large_image\" \/>\n<meta name=\"twitter:label1\" content=\"Dur\u00e9e de lecture estim\u00e9e\" \/>\n\t<meta name=\"twitter:data1\" content=\"2 minutes\" \/>\n<script type=\"application\/ld+json\" class=\"yoast-schema-graph\">{\"@context\":\"https:\/\/schema.org\",\"@graph\":[{\"@type\":\"WebPage\",\"@id\":\"https:\/\/www.brusselsfireacademy.be\/le-certificat-daptitude-federal\/\",\"url\":\"https:\/\/www.brusselsfireacademy.be\/le-certificat-daptitude-federal\/\",\"name\":\"Le Certificat d'Aptitude F\u00e9d\u00e9ral - brusselsfireacademy\",\"isPartOf\":{\"@id\":\"https:\/\/www.brusselsfireacademy.be\/#website\"},\"datePublished\":\"2020-03-25T13:28:23+00:00\",\"dateModified\":\"2025-05-09T09:24:18+00:00\",\"breadcrumb\":{\"@id\":\"https:\/\/www.brusselsfireacademy.be\/le-certificat-daptitude-federal\/#breadcrumb\"},\"inLanguage\":\"fr-FR\",\"potentialAction\":[{\"@type\":\"ReadAction\",\"target\":[\"https:\/\/www.brusselsfireacademy.be\/le-certificat-daptitude-federal\/\"]}]},{\"@type\":\"BreadcrumbList\",\"@id\":\"https:\/\/www.brusselsfireacademy.be\/le-certificat-daptitude-federal\/#breadcrumb\",\"itemListElement\":[{\"@type\":\"ListItem\",\"position\":1,\"name\":\"Accueil\",\"item\":\"https:\/\/www.brusselsfireacademy.be\/\"},{\"@type\":\"ListItem\",\"position\":2,\"name\":\"Le Certificat d&rsquo;Aptitude F\u00e9d\u00e9ral\"}]},{\"@type\":\"WebSite\",\"@id\":\"https:\/\/www.brusselsfireacademy.be\/#website\",\"url\":\"https:\/\/www.brusselsfireacademy.be\/\",\"name\":\"brusselsfireacademy\",\"description\":\"brusselsfireacademy\",\"publisher\":{\"@id\":\"https:\/\/www.brusselsfireacademy.be\/#organization\"},\"potentialAction\":[{\"@type\":\"SearchAction\",\"target\":{\"@type\":\"EntryPoint\",\"urlTemplate\":\"https:\/\/www.brusselsfireacademy.be\/?s={search_term_string}\"},\"query-input\":\"required name=search_term_string\"}],\"inLanguage\":\"fr-FR\"},{\"@type\":\"Organization\",\"@id\":\"https:\/\/www.brusselsfireacademy.be\/#organization\",\"name\":\"brusselsfireacademy\",\"url\":\"https:\/\/www.brusselsfireacademy.be\/\",\"logo\":{\"@type\":\"ImageObject\",\"inLanguage\":\"fr-FR\",\"@id\":\"https:\/\/www.brusselsfireacademy.be\/#\/schema\/logo\/image\/\",\"url\":\"https:\/\/www.brusselsfireacademy.be\/files\/2020\/02\/brusselsfireacademy-2020.jpg\",\"contentUrl\":\"https:\/\/www.brusselsfireacademy.be\/files\/2020\/02\/brusselsfireacademy-2020.jpg\",\"width\":150,\"height\":140,\"caption\":\"brusselsfireacademy\"},\"image\":{\"@id\":\"https:\/\/www.brusselsfireacademy.be\/#\/schema\/logo\/image\/\"}}]}<\/script>\n<!-- \/ Yoast SEO plugin. -->","yoast_head_json":{"title":"Le Certificat d'Aptitude F\u00e9d\u00e9ral - brusselsfireacademy","robots":{"index":"index","follow":"follow","max-snippet":"max-snippet:-1","max-image-preview":"max-image-preview:large","max-video-preview":"max-video-preview:-1"},"canonical":"https:\/\/www.brusselsfireacademy.be\/le-certificat-daptitude-federal\/","og_locale":"fr_FR","og_type":"article","og_title":"Le Certificat d'Aptitude F\u00e9d\u00e9ral - brusselsfireacademy","og_description":"[vc_row full_width=\u00a0\u00bbstretch_row\u00a0\u00bb css=\u00a0\u00bb.vc_custom_1649166086808{background-color: #f2f2f2 !important;}\u00a0\u00bb local_scroll_id=\u00a0\u00bbcertificat-aptitude-federal\u00a0\u00bb][vc_column][vc_row_inner][vc_column_inner][vc_column_text color=\u00a0\u00bb#000000&Prime; text_align=\u00a0\u00bbleft\u00a0\u00bb font_size=\u00a0\u00bb13&Prime;]Pour poser sa candidature au poste de sapeur-pompier\u00b7\u00e8re\u00b7s, il faut au pr\u00e9alable obtenir un Certificat d&rsquo;Aptitude F\u00e9d\u00e9ral (CAF). D\u00e8s qu&rsquo;un\u00b7e candidat\u00b7e a obtenu son CAF, il\/elle peut introduire sa candidature dans la zone de secours de son choix. Les \u00e9preuves sont divis\u00e9es en trois modules. Le premier&hellip;","og_url":"https:\/\/www.brusselsfireacademy.be\/le-certificat-daptitude-federal\/","og_site_name":"brusselsfireacademy","article_modified_time":"2025-05-09T09:24:18+00:00","twitter_card":"summary_large_image","twitter_misc":{"Dur\u00e9e de lecture estim\u00e9e":"2 minutes"},"schema":{"@context":"https:\/\/schema.org","@graph":[{"@type":"WebPage","@id":"https:\/\/www.brusselsfireacademy.be\/le-certificat-daptitude-federal\/","url":"https:\/\/www.brusselsfireacademy.be\/le-certificat-daptitude-federal\/","name":"Le Certificat d'Aptitude F\u00e9d\u00e9ral - brusselsfireacademy","isPartOf":{"@id":"https:\/\/www.brusselsfireacademy.be\/#website"},"datePublished":"2020-03-25T13:28:23+00:00","dateModified":"2025-05-09T09:24:18+00:00","breadcrumb":{"@id":"https:\/\/www.brusselsfireacademy.be\/le-certificat-daptitude-federal\/#breadcrumb"},"inLanguage":"fr-FR","potentialAction":[{"@type":"ReadAction","target":["https:\/\/www.brusselsfireacademy.be\/le-certificat-daptitude-federal\/"]}]},{"@type":"BreadcrumbList","@id":"https:\/\/www.brusselsfireacademy.be\/le-certificat-daptitude-federal\/#breadcrumb","itemListElement":[{"@type":"ListItem","position":1,"name":"Accueil","item":"https:\/\/www.brusselsfireacademy.be\/"},{"@type":"ListItem","position":2,"name":"Le Certificat d&rsquo;Aptitude F\u00e9d\u00e9ral"}]},{"@type":"WebSite","@id":"https:\/\/www.brusselsfireacademy.be\/#website","url":"https:\/\/www.brusselsfireacademy.be\/","name":"brusselsfireacademy","description":"brusselsfireacademy","publisher":{"@id":"https:\/\/www.brusselsfireacademy.be\/#organization"},"potentialAction":[{"@type":"SearchAction","target":{"@type":"EntryPoint","urlTemplate":"https:\/\/www.brusselsfireacademy.be\/?s={search_term_string}"},"query-input":"required name=search_term_string"}],"inLanguage":"fr-FR"},{"@type":"Organization","@id":"https:\/\/www.brusselsfireacademy.be\/#organization","name":"brusselsfireacademy","url":"https:\/\/www.brusselsfireacademy.be\/","logo":{"@type":"ImageObject","inLanguage":"fr-FR","@id":"https:\/\/www.brusselsfireacademy.be\/#\/schema\/logo\/image\/","url":"https:\/\/www.brusselsfireacademy.be\/files\/2020\/02\/brusselsfireacademy-2020.jpg","contentUrl":"https:\/\/www.brusselsfireacademy.be\/files\/2020\/02\/brusselsfireacademy-2020.jpg","width":150,"height":140,"caption":"brusselsfireacademy"},"image":{"@id":"https:\/\/www.brusselsfireacademy.be\/#\/schema\/logo\/image\/"}}]}},"_links":{"self":[{"href":"https:\/\/www.brusselsfireacademy.be\/rest\/wp\/v2\/pages\/1133"}],"collection":[{"href":"https:\/\/www.brusselsfireacademy.be\/rest\/wp\/v2\/pages"}],"about":[{"href":"https:\/\/www.brusselsfireacademy.be\/rest\/wp\/v2\/types\/page"}],"author":[{"embeddable":true,"href":"https:\/\/www.brusselsfireacademy.be\/rest\/wp\/v2\/users\/1"}],"replies":[{"embeddable":true,"href":"https:\/\/www.brusselsfireacademy.be\/rest\/wp\/v2\/comments?post=1133"}],"version-history":[{"count":2,"href":"https:\/\/www.brusselsfireacademy.be\/rest\/wp\/v2\/pages\/1133\/revisions"}],"predecessor-version":[{"id":1908,"href":"https:\/\/www.brusselsfireacademy.be\/rest\/wp\/v2\/pages\/1133\/revisions\/1908"}],"wp:attachment":[{"href":"https:\/\/www.brusselsfireacademy.be\/rest\/wp\/v2\/media?parent=1133"}],"curies":[{"name":"wp","href":"https:\/\/api.w.org\/{rel}","templated":true}]}}